{"id":1304,"date":"2015-11-28T09:58:16","date_gmt":"2015-11-28T08:58:16","guid":{"rendered":"http:\/\/www.gojuryu93.com\/?page_id=1304"},"modified":"2019-06-28T17:10:10","modified_gmt":"2019-06-28T16:10:10","slug":"des-stages","status":"publish","type":"page","link":"https:\/\/www.gojuryu93.com\/?page_id=1304","title":{"rendered":"Des stages"},"content":{"rendered":"<p><img data-recalc-dims=\"1\" loading=\"lazy\" decoding=\"async\" data-attachment-id=\"1422\" data-permalink=\"https:\/\/www.gojuryu93.com\/?attachment_id=1422\" data-orig-file=\"https:\/\/i0.wp.com\/www.gojuryu93.com\/wp-content\/uploads\/2015\/11\/Stages.jpg?fit=577%2C120&amp;ssl=1\" data-orig-size=\"577,120\" data-comments-opened=\"0\" data-image-meta=\"{&quot;aperture&quot;:&quot;0&quot;,&quot;credit&quot;:&quot;&quot;,&quot;camera&quot;:&quot;&quot;,&quot;caption&quot;:&quot;&quot;,&quot;created_timestamp&quot;:&quot;0&quot;,&quot;copyright&quot;:&quot;&quot;,&quot;focal_length&quot;:&quot;0&quot;,&quot;iso&quot;:&quot;0&quot;,&quot;shutter_speed&quot;:&quot;0&quot;,&quot;title&quot;:&quot;&quot;,&quot;orientation&quot;:&quot;1&quot;}\" data-image-title=\"Stages\" data-image-description=\"\" data-image-caption=\"\" data-large-file=\"https:\/\/i0.wp.com\/www.gojuryu93.com\/wp-content\/uploads\/2015\/11\/Stages.jpg?fit=577%2C120&amp;ssl=1\" class=\"aligncenter wp-image-1422 size-medium\" src=\"https:\/\/i0.wp.com\/www.gojuryu93.com\/wp-content\/uploads\/2015\/11\/Stages.jpg?resize=300%2C62\" alt=\"Stages\" width=\"300\" height=\"62\" srcset=\"https:\/\/i0.wp.com\/www.gojuryu93.com\/wp-content\/uploads\/2015\/11\/Stages.jpg?resize=300%2C62&amp;ssl=1 300w, https:\/\/i0.wp.com\/www.gojuryu93.com\/wp-content\/uploads\/2015\/11\/Stages.jpg?w=577&amp;ssl=1 577w\" sizes=\"auto, (max-width: 300px) 100vw, 300px\" \/><\/p>\n<p>&nbsp;<\/p>\n<p>&nbsp;<\/p>\n<p>Le Karat\u00e9 Club de Tremblay-en-France organise ou participe \u00e0 de nombreux stages au fils des saisons afin d\u2019\u00e9largir les comp\u00e9tences ou de faire d\u00e9couvrir de nouvelles facettes des arts martiaux \u00e0 ses adh\u00e9rents.<\/p>\n<p>Nous organisons \u00e9galement sous la direction de la Ligue 93 de Karat\u00e9 des stages r\u00e9f\u00e9rents dirig\u00e9s par de grands experts f\u00e9d\u00e9raux.<\/p>\n<h1 style=\"text-align: center;\"><span style=\"font-family: verdana,geneva,sans-serif;\">Prochainement dans notre dojo :<\/span><\/h1>\n<p style=\"text-align: center;\"><span style=\"color: #ff0000;\">Ret<\/span><span style=\"color: #ff0000;\">rouver ici les dates des prochains stages .<\/span><span style=\"text-decoration: underline;\"><strong><span style=\"color: #ff0000; text-decoration: underline;\"><br \/>\n<\/span><\/strong><\/span><\/p>\n<h1 style=\"text-align: center;\"><span style=\"font-family: verdana,geneva,sans-serif;\">Les pr\u00e9c\u00e9dents stages dans notre dojo :<\/span><\/h1>\n<p style=\"text-align: center;\"><img data-recalc-dims=\"1\" loading=\"lazy\" decoding=\"async\" data-attachment-id=\"2987\" data-permalink=\"https:\/\/www.gojuryu93.com\/?attachment_id=2987\" data-orig-file=\"https:\/\/i0.wp.com\/www.gojuryu93.com\/wp-content\/uploads\/2017\/04\/Stage-Chinen-V4.jpg?fit=2192%2C3263&amp;ssl=1\" data-orig-size=\"2192,3263\" data-comments-opened=\"0\" data-image-meta=\"{&quot;aperture&quot;:&quot;0&quot;,&quot;credit&quot;:&quot;&quot;,&quot;camera&quot;:&quot;&quot;,&quot;caption&quot;:&quot;&quot;,&quot;created_timestamp&quot;:&quot;0&quot;,&quot;copyright&quot;:&quot;&quot;,&quot;focal_length&quot;:&quot;0&quot;,&quot;iso&quot;:&quot;0&quot;,&quot;shutter_speed&quot;:&quot;0&quot;,&quot;title&quot;:&quot;&quot;,&quot;orientation&quot;:&quot;0&quot;}\" data-image-title=\"Stage Chinen V4\" data-image-description=\"\" data-image-caption=\"\" data-large-file=\"https:\/\/i0.wp.com\/www.gojuryu93.com\/wp-content\/uploads\/2017\/04\/Stage-Chinen-V4.jpg?fit=610%2C908&amp;ssl=1\" class=\"aligncenter wp-image-2987\" src=\"https:\/\/i0.wp.com\/www.gojuryu93.com\/wp-content\/uploads\/2017\/04\/Stage-Chinen-V4.jpg?resize=610%2C906\" alt=\"\" width=\"610\" height=\"906\" srcset=\"https:\/\/i0.wp.com\/www.gojuryu93.com\/wp-content\/uploads\/2017\/04\/Stage-Chinen-V4.jpg?resize=202%2C300&amp;ssl=1 202w, https:\/\/i0.wp.com\/www.gojuryu93.com\/wp-content\/uploads\/2017\/04\/Stage-Chinen-V4.jpg?zoom=2&amp;resize=668%2C992 1336w, https:\/\/i0.wp.com\/www.gojuryu93.com\/wp-content\/uploads\/2017\/04\/Stage-Chinen-V4.jpg?zoom=3&amp;resize=668%2C992 2004w\" sizes=\"auto, (max-width: 610px) 100vw, 610px\" \/><\/p>\n<hr \/>\n<p><img data-recalc-dims=\"1\" loading=\"lazy\" decoding=\"async\" data-attachment-id=\"1535\" data-permalink=\"https:\/\/www.gojuryu93.com\/?attachment_id=1535\" data-orig-file=\"https:\/\/i0.wp.com\/www.gojuryu93.com\/wp-content\/uploads\/2015\/11\/Ligne-separation-martial-art.png?fit=1307%2C212&amp;ssl=1\" data-orig-size=\"1307,212\" data-comments-opened=\"0\" data-image-meta=\"{&quot;aperture&quot;:&quot;0&quot;,&quot;credit&quot;:&quot;&quot;,&quot;camera&quot;:&quot;&quot;,&quot;caption&quot;:&quot;&quot;,&quot;created_timestamp&quot;:&quot;0&quot;,&quot;copyright&quot;:&quot;&quot;,&quot;focal_length&quot;:&quot;0&quot;,&quot;iso&quot;:&quot;0&quot;,&quot;shutter_speed&quot;:&quot;0&quot;,&quot;title&quot;:&quot;&quot;,&quot;orientation&quot;:&quot;0&quot;}\" data-image-title=\"Ligne separation martial art\" data-image-description=\"\" data-image-caption=\"\" data-large-file=\"https:\/\/i0.wp.com\/www.gojuryu93.com\/wp-content\/uploads\/2015\/11\/Ligne-separation-martial-art.png?fit=610%2C99&amp;ssl=1\" class=\"aligncenter wp-image-1535\" src=\"https:\/\/i0.wp.com\/www.gojuryu93.com\/wp-content\/uploads\/2015\/11\/Ligne-separation-martial-art.png?resize=610%2C100\" alt=\"Ligne separation martial art\" width=\"610\" height=\"100\" srcset=\"https:\/\/i0.wp.com\/www.gojuryu93.com\/wp-content\/uploads\/2015\/11\/Ligne-separation-martial-art.png?resize=300%2C49&amp;ssl=1 300w, https:\/\/i0.wp.com\/www.gojuryu93.com\/wp-content\/uploads\/2015\/11\/Ligne-separation-martial-art.png?resize=1024%2C166&amp;ssl=1 1024w, https:\/\/i0.wp.com\/www.gojuryu93.com\/wp-content\/uploads\/2015\/11\/Ligne-separation-martial-art.png?w=1307&amp;ssl=1 1307w, https:\/\/i0.wp.com\/www.gojuryu93.com\/wp-content\/uploads\/2015\/11\/Ligne-separation-martial-art.png?w=1220 1220w\" sizes=\"auto, (max-width: 610px) 100vw, 610px\" \/><\/p>\n<h1 style=\"text-align: center;\"><span style=\"font-family: verdana,geneva,sans-serif;\">Les photos de groupe des derniers stages :<br \/>\n<\/span><\/h1>\n<div id=\"attachment_3005\" style=\"width: 605px\" class=\"wp-caption aligncenter\"><img data-recalc-dims=\"1\" loading=\"lazy\" decoding=\"async\" aria-describedby=\"caption-attachment-3005\" data-attachment-id=\"3005\" data-permalink=\"https:\/\/www.gojuryu93.com\/?attachment_id=3005\" data-orig-file=\"https:\/\/i0.wp.com\/www.gojuryu93.com\/wp-content\/uploads\/2015\/11\/Stage-Mars-2017_01.jpg?fit=2685%2C847&amp;ssl=1\" data-orig-size=\"2685,847\" data-comments-opened=\"0\" data-image-meta=\"{&quot;aperture&quot;:&quot;2.4&quot;,&quot;credit&quot;:&quot;&quot;,&quot;camera&quot;:&quot;SM-T800&quot;,&quot;caption&quot;:&quot;&quot;,&quot;created_timestamp&quot;:&quot;1488629068&quot;,&quot;copyright&quot;:&quot;&quot;,&quot;focal_length&quot;:&quot;3.4&quot;,&quot;iso&quot;:&quot;80&quot;,&quot;shutter_speed&quot;:&quot;0.03030303030303&quot;,&quot;title&quot;:&quot;&quot;,&quot;orientation&quot;:&quot;1&quot;}\" data-image-title=\"Stage Mars 2017_01\" data-image-description=\"\" data-image-caption=\"\" data-large-file=\"https:\/\/i0.wp.com\/www.gojuryu93.com\/wp-content\/uploads\/2015\/11\/Stage-Mars-2017_01.jpg?fit=610%2C192&amp;ssl=1\" class=\"wp-image-3005\" src=\"https:\/\/i0.wp.com\/www.gojuryu93.com\/wp-content\/uploads\/2015\/11\/Stage-Mars-2017_01.jpg?resize=595%2C188\" alt=\"\" width=\"595\" height=\"188\" srcset=\"https:\/\/i0.wp.com\/www.gojuryu93.com\/wp-content\/uploads\/2015\/11\/Stage-Mars-2017_01.jpg?resize=300%2C95&amp;ssl=1 300w, https:\/\/i0.wp.com\/www.gojuryu93.com\/wp-content\/uploads\/2015\/11\/Stage-Mars-2017_01.jpg?resize=1024%2C323&amp;ssl=1 1024w, https:\/\/i0.wp.com\/www.gojuryu93.com\/wp-content\/uploads\/2015\/11\/Stage-Mars-2017_01.jpg?w=1220 1220w, https:\/\/i0.wp.com\/www.gojuryu93.com\/wp-content\/uploads\/2015\/11\/Stage-Mars-2017_01.jpg?w=1830 1830w\" sizes=\"auto, (max-width: 595px) 100vw, 595px\" \/><p id=\"caption-attachment-3005\" class=\"wp-caption-text\">\u00a9 2017 KCT &#8211; Stage Kobudo Clamart 18-19 mars 2017<\/p><\/div>\n<div id=\"attachment_3004\" style=\"width: 605px\" class=\"wp-caption aligncenter\"><img data-recalc-dims=\"1\" loading=\"lazy\" decoding=\"async\" aria-describedby=\"caption-attachment-3004\" data-attachment-id=\"3004\" data-permalink=\"https:\/\/www.gojuryu93.com\/?attachment_id=3004\" data-orig-file=\"https:\/\/i0.wp.com\/www.gojuryu93.com\/wp-content\/uploads\/2015\/11\/Stage-Mars-2017_-02-e1493576098111.jpg?fit=200%2C112&amp;ssl=1\" data-orig-size=\"200,112\" data-comments-opened=\"0\" data-image-meta=\"{&quot;aperture&quot;:&quot;2.4&quot;,&quot;credit&quot;:&quot;&quot;,&quot;camera&quot;:&quot;SM-T800&quot;,&quot;caption&quot;:&quot;&quot;,&quot;created_timestamp&quot;:&quot;1488629176&quot;,&quot;copyright&quot;:&quot;&quot;,&quot;focal_length&quot;:&quot;3.4&quot;,&quot;iso&quot;:&quot;100&quot;,&quot;shutter_speed&quot;:&quot;0.03030303030303&quot;,&quot;title&quot;:&quot;&quot;,&quot;orientation&quot;:&quot;1&quot;}\" data-image-title=\"Stage Mars 2017_ 02\" data-image-description=\"\" data-image-caption=\"\" data-large-file=\"https:\/\/i0.wp.com\/www.gojuryu93.com\/wp-content\/uploads\/2015\/11\/Stage-Mars-2017_-02-e1493576098111.jpg?fit=610%2C343&amp;ssl=1\" class=\"wp-image-3004\" src=\"https:\/\/i0.wp.com\/www.gojuryu93.com\/wp-content\/uploads\/2015\/11\/Stage-Mars-2017_-02.jpg?resize=595%2C335\" alt=\"\" width=\"595\" height=\"335\" \/><p id=\"caption-attachment-3004\" class=\"wp-caption-text\">\u00a9 2017 KCT &#8211; Stage Kobudo Clamart 18-19 mars 2017<\/p><\/div>\n<div id=\"attachment_2452\" style=\"width: 605px\" class=\"wp-caption aligncenter\"><a href=\"https:\/\/i0.wp.com\/www.gojuryu93.com\/wp-content\/uploads\/2016\/12\/Stage_federal_Oshiro_novembre_2016_0071.jpg\"><img data-recalc-dims=\"1\" loading=\"lazy\" decoding=\"async\" aria-describedby=\"caption-attachment-2452\" data-attachment-id=\"2452\" data-permalink=\"https:\/\/www.gojuryu93.com\/?attachment_id=2452\" data-orig-file=\"https:\/\/i0.wp.com\/www.gojuryu93.com\/wp-content\/uploads\/2016\/12\/Stage_federal_Oshiro_novembre_2016_0071.jpg?fit=1024%2C510&amp;ssl=1\" data-orig-size=\"1024,510\" data-comments-opened=\"0\" data-image-meta=\"{&quot;aperture&quot;:&quot;0&quot;,&quot;credit&quot;:&quot;&quot;,&quot;camera&quot;:&quot;&quot;,&quot;caption&quot;:&quot;&quot;,&quot;created_timestamp&quot;:&quot;0&quot;,&quot;copyright&quot;:&quot;&quot;,&quot;focal_length&quot;:&quot;0&quot;,&quot;iso&quot;:&quot;0&quot;,&quot;shutter_speed&quot;:&quot;0&quot;,&quot;title&quot;:&quot;&quot;,&quot;orientation&quot;:&quot;0&quot;}\" data-image-title=\"stage_federal_oshiro_novembre_2016_0071\" data-image-description=\"\" data-image-caption=\"\" data-large-file=\"https:\/\/i0.wp.com\/www.gojuryu93.com\/wp-content\/uploads\/2016\/12\/Stage_federal_Oshiro_novembre_2016_0071.jpg?fit=610%2C304&amp;ssl=1\" class=\"wp-image-2452\" src=\"https:\/\/i0.wp.com\/www.gojuryu93.com\/wp-content\/uploads\/2016\/12\/Stage_federal_Oshiro_novembre_2016_0071.jpg?resize=595%2C296\" width=\"595\" height=\"296\" srcset=\"https:\/\/i0.wp.com\/www.gojuryu93.com\/wp-content\/uploads\/2016\/12\/Stage_federal_Oshiro_novembre_2016_0071.jpg?resize=300%2C149&amp;ssl=1 300w, https:\/\/i0.wp.com\/www.gojuryu93.com\/wp-content\/uploads\/2016\/12\/Stage_federal_Oshiro_novembre_2016_0071.jpg?w=1024&amp;ssl=1 1024w\" sizes=\"auto, (max-width: 595px) 100vw, 595px\" \/><\/a><p id=\"caption-attachment-2452\" class=\"wp-caption-text\"><span style=\"font-size: 12px;\">\u00a9 2016 &#8211; Ligue 93 KDA &#8211; KCT &#8211; Stage F\u00e9d\u00e9ral Sense\u00ef Oshiro 19 Novembre 2016<\/span><\/p><\/div>\n<p>&nbsp;<\/p>\n<div id=\"attachment_2178\" style=\"width: 605px\" class=\"wp-caption aligncenter\"><a href=\"http:\/\/www.gojuryu93.com\/blog\/2016\/11\/07\/invitation-de-nos-instructeurs-par-la-ligue-camerounaise-de-kendo-kobudo\/\"><img data-recalc-dims=\"1\" loading=\"lazy\" decoding=\"async\" aria-describedby=\"caption-attachment-2178\" data-attachment-id=\"2178\" data-permalink=\"https:\/\/www.gojuryu93.com\/?attachment_id=2178\" data-orig-file=\"https:\/\/i0.wp.com\/www.gojuryu93.com\/wp-content\/uploads\/2015\/11\/groupe_cameroun.jpg?fit=884%2C505&amp;ssl=1\" data-orig-size=\"884,505\" data-comments-opened=\"0\" data-image-meta=\"{&quot;aperture&quot;:&quot;0&quot;,&quot;credit&quot;:&quot;&quot;,&quot;camera&quot;:&quot;&quot;,&quot;caption&quot;:&quot;&quot;,&quot;created_timestamp&quot;:&quot;0&quot;,&quot;copyright&quot;:&quot;&quot;,&quot;focal_length&quot;:&quot;0&quot;,&quot;iso&quot;:&quot;0&quot;,&quot;shutter_speed&quot;:&quot;0&quot;,&quot;title&quot;:&quot;&quot;,&quot;orientation&quot;:&quot;0&quot;}\" data-image-title=\"groupe_cameroun-Kobudo 2016\" data-image-description=\"\" data-image-caption=\"&lt;p&gt;\u00a9 2016 &amp;#8211; Club&lt;br \/&gt;\nCirams-Bastos F\u00e9cakoken  &amp;#8211; 8 au 19 octobre 2016&lt;\/p&gt;\n\" data-large-file=\"https:\/\/i0.wp.com\/www.gojuryu93.com\/wp-content\/uploads\/2015\/11\/groupe_cameroun.jpg?fit=610%2C348&amp;ssl=1\" class=\"wp-image-2178\" src=\"https:\/\/i0.wp.com\/www.gojuryu93.com\/wp-content\/uploads\/2015\/11\/groupe_cameroun.jpg?resize=595%2C340\" alt=\"\u00a9 2016 Club Cirams-Bastos \/ F\u00e9cakoken Cameroun - 8 au 19 octobre 2016\" width=\"595\" height=\"340\" srcset=\"https:\/\/i0.wp.com\/www.gojuryu93.com\/wp-content\/uploads\/2015\/11\/groupe_cameroun.jpg?resize=300%2C171&amp;ssl=1 300w, https:\/\/i0.wp.com\/www.gojuryu93.com\/wp-content\/uploads\/2015\/11\/groupe_cameroun.jpg?w=884&amp;ssl=1 884w\" sizes=\"auto, (max-width: 595px) 100vw, 595px\" \/><\/a><p id=\"caption-attachment-2178\" class=\"wp-caption-text\"><span style=\"font-size: 12px;\">\u00a9 2016 Stage Kobudo<\/span><br \/><span style=\"font-size: 12px;\"> Cirams-Bastos \/ F\u00e9cakoken Cameroun &#8211; 8 au 19 octobre 2016<\/span><\/p><\/div>\n<p>&nbsp;<\/p>\n<div id=\"attachment_2036\" style=\"width: 605px\" class=\"wp-caption aligncenter\"><a href=\"http:\/\/www.gojuryu93.com\/blog\/2016\/07\/01\/stage-decouverte-du-kobudo-avec-le-club-vovinam-sevran\/\"><img data-recalc-dims=\"1\" loading=\"lazy\" decoding=\"async\" aria-describedby=\"caption-attachment-2036\" data-attachment-id=\"2036\" data-permalink=\"https:\/\/www.gojuryu93.com\/?attachment_id=2036\" data-orig-file=\"https:\/\/i0.wp.com\/www.gojuryu93.com\/wp-content\/uploads\/2016\/07\/stage-decouverte-kubudo-e1467386235425.png?fit=361%2C200&amp;ssl=1\" data-orig-size=\"361,200\" data-comments-opened=\"0\" data-image-meta=\"{&quot;aperture&quot;:&quot;0&quot;,&quot;credit&quot;:&quot;&quot;,&quot;camera&quot;:&quot;&quot;,&quot;caption&quot;:&quot;&quot;,&quot;created_timestamp&quot;:&quot;0&quot;,&quot;copyright&quot;:&quot;&quot;,&quot;focal_length&quot;:&quot;0&quot;,&quot;iso&quot;:&quot;0&quot;,&quot;shutter_speed&quot;:&quot;0&quot;,&quot;title&quot;:&quot;&quot;,&quot;orientation&quot;:&quot;0&quot;}\" data-image-title=\"stage decouverte kubudo\" data-image-description=\"\" data-image-caption=\"\" data-large-file=\"https:\/\/i0.wp.com\/www.gojuryu93.com\/wp-content\/uploads\/2016\/07\/stage-decouverte-kubudo-e1467386235425.png?fit=610%2C338&amp;ssl=1\" class=\"wp-image-2036\" src=\"https:\/\/i0.wp.com\/www.gojuryu93.com\/wp-content\/uploads\/2016\/07\/stage-decouverte-kubudo.png?resize=595%2C329\" alt=\"stage decouverte kubudo\" width=\"595\" height=\"329\" \/><\/a><p id=\"caption-attachment-2036\" class=\"wp-caption-text\">\u00a9 2016 KCT &#8211; Stage d\u00e9couverte du Kobudo Juin 2016 au Vovinam Sevran<\/p><\/div>\n<p>&nbsp;<\/p>\n<div id=\"attachment_1733\" style=\"width: 601px\" class=\"wp-caption aligncenter\"><a href=\"http:\/\/www.gojuryu93.com\/blog\/2016\/04\/03\/un-tres-beau-stage-federal-de-printemps-avec-maitre-oshiro\/\" target=\"_blank\" rel=\"noopener noreferrer\"><img data-recalc-dims=\"1\" loading=\"lazy\" decoding=\"async\" aria-describedby=\"caption-attachment-1733\" data-attachment-id=\"1733\" data-permalink=\"https:\/\/www.gojuryu93.com\/?attachment_id=1733\" data-orig-file=\"https:\/\/i0.wp.com\/www.gojuryu93.com\/wp-content\/uploads\/2016\/04\/IMG_0836_1-e1459679046966.jpg?fit=320%2C131&amp;ssl=1\" data-orig-size=\"320,131\" data-comments-opened=\"0\" data-image-meta=\"{&quot;aperture&quot;:&quot;0&quot;,&quot;credit&quot;:&quot;&quot;,&quot;camera&quot;:&quot;&quot;,&quot;caption&quot;:&quot;&quot;,&quot;created_timestamp&quot;:&quot;0&quot;,&quot;copyright&quot;:&quot;&quot;,&quot;focal_length&quot;:&quot;0&quot;,&quot;iso&quot;:&quot;0&quot;,&quot;shutter_speed&quot;:&quot;0&quot;,&quot;title&quot;:&quot;&quot;,&quot;orientation&quot;:&quot;0&quot;}\" data-image-title=\"IMG_0836_1\" data-image-description=\"\" data-image-caption=\"\" data-large-file=\"https:\/\/i0.wp.com\/www.gojuryu93.com\/wp-content\/uploads\/2016\/04\/IMG_0836_1-e1459679046966.jpg?fit=610%2C249&amp;ssl=1\" class=\"wp-image-1733\" src=\"https:\/\/i0.wp.com\/www.gojuryu93.com\/wp-content\/uploads\/2016\/04\/IMG_0836_1.jpg?resize=591%2C242\" alt=\"Stage Expert F\u00e9d\u00e9ral Oshiro 2016\" width=\"591\" height=\"242\" \/><\/a><p id=\"caption-attachment-1733\" class=\"wp-caption-text\">\u00a9 2016 Ligue 93 KDA &#8211; Stage Expert F\u00e9d\u00e9ral Oshiro du 02 avril 2016<\/p><\/div>\n<div id=\"attachment_1633\" style=\"width: 601px\" class=\"wp-caption aligncenter\"><a href=\"http:\/\/www.gojuryu93.com\/2016\/01\/30\/participation-exceptionnelle-lors-du-stage-bernard-bilicki-du-30-janvier-2016\/\"><img data-recalc-dims=\"1\" loading=\"lazy\" decoding=\"async\" aria-describedby=\"caption-attachment-1633\" data-attachment-id=\"1633\" data-permalink=\"https:\/\/www.gojuryu93.com\/?attachment_id=1633\" data-orig-file=\"https:\/\/i0.wp.com\/www.gojuryu93.com\/wp-content\/uploads\/2016\/01\/Stage_Bilicki_012016_73.jpg?fit=1024%2C309&amp;ssl=1\" data-orig-size=\"1024,309\" data-comments-opened=\"0\" data-image-meta=\"{&quot;aperture&quot;:&quot;0&quot;,&quot;credit&quot;:&quot;&quot;,&quot;camera&quot;:&quot;&quot;,&quot;caption&quot;:&quot;&quot;,&quot;created_timestamp&quot;:&quot;0&quot;,&quot;copyright&quot;:&quot;&quot;,&quot;focal_length&quot;:&quot;0&quot;,&quot;iso&quot;:&quot;0&quot;,&quot;shutter_speed&quot;:&quot;0&quot;,&quot;title&quot;:&quot;&quot;,&quot;orientation&quot;:&quot;0&quot;}\" data-image-title=\"Stage_Bilicki_012016_73\" data-image-description=\"\" data-image-caption=\"\" data-large-file=\"https:\/\/i0.wp.com\/www.gojuryu93.com\/wp-content\/uploads\/2016\/01\/Stage_Bilicki_012016_73.jpg?fit=610%2C184&amp;ssl=1\" class=\"wp-image-1633\" src=\"https:\/\/i0.wp.com\/www.gojuryu93.com\/wp-content\/uploads\/2016\/01\/Stage_Bilicki_012016_73.jpg?resize=591%2C179\" alt=\"Stage_Bilicki_012016_73\" width=\"591\" height=\"179\" srcset=\"https:\/\/i0.wp.com\/www.gojuryu93.com\/wp-content\/uploads\/2016\/01\/Stage_Bilicki_012016_73.jpg?resize=300%2C91&amp;ssl=1 300w, https:\/\/i0.wp.com\/www.gojuryu93.com\/wp-content\/uploads\/2016\/01\/Stage_Bilicki_012016_73.jpg?w=1024&amp;ssl=1 1024w\" sizes=\"auto, (max-width: 591px) 100vw, 591px\" \/><\/a><p id=\"caption-attachment-1633\" class=\"wp-caption-text\">\u00a92016 Karat\u00e9 Club de Tremblay-en-France &#8211; Stage expert Bernard Bilicki<\/p><\/div>\n<p>&nbsp;<\/p>\n<div id=\"attachment_1321\" style=\"width: 610px\" class=\"wp-caption aligncenter\"><img data-recalc-dims=\"1\" loading=\"lazy\" decoding=\"async\" aria-describedby=\"caption-attachment-1321\" data-attachment-id=\"1321\" data-permalink=\"https:\/\/www.gojuryu93.com\/?attachment_id=1321\" data-orig-file=\"https:\/\/i0.wp.com\/www.gojuryu93.com\/wp-content\/uploads\/2015\/11\/Stage-Taekwondo-11-2015.jpg?fit=1000%2C330&amp;ssl=1\" data-orig-size=\"1000,330\" data-comments-opened=\"0\" data-image-meta=\"{&quot;aperture&quot;:&quot;0&quot;,&quot;credit&quot;:&quot;&quot;,&quot;camera&quot;:&quot;&quot;,&quot;caption&quot;:&quot;&quot;,&quot;created_timestamp&quot;:&quot;0&quot;,&quot;copyright&quot;:&quot;&quot;,&quot;focal_length&quot;:&quot;0&quot;,&quot;iso&quot;:&quot;0&quot;,&quot;shutter_speed&quot;:&quot;0&quot;,&quot;title&quot;:&quot;&quot;,&quot;orientation&quot;:&quot;0&quot;}\" data-image-title=\"Stage Taekwondo 11-2015\" data-image-description=\"\" data-image-caption=\"\" data-large-file=\"https:\/\/i0.wp.com\/www.gojuryu93.com\/wp-content\/uploads\/2015\/11\/Stage-Taekwondo-11-2015.jpg?fit=610%2C201&amp;ssl=1\" class=\"wp-image-1321\" src=\"https:\/\/i0.wp.com\/www.gojuryu93.com\/wp-content\/uploads\/2015\/11\/Stage-Taekwondo-11-2015.jpg?resize=600%2C198\" alt=\"Stage Taekwondo 11-2015\" width=\"600\" height=\"198\" srcset=\"https:\/\/i0.wp.com\/www.gojuryu93.com\/wp-content\/uploads\/2015\/11\/Stage-Taekwondo-11-2015.jpg?resize=300%2C99&amp;ssl=1 300w, https:\/\/i0.wp.com\/www.gojuryu93.com\/wp-content\/uploads\/2015\/11\/Stage-Taekwondo-11-2015.jpg?w=1000&amp;ssl=1 1000w\" sizes=\"auto, (max-width: 600px) 100vw, 600px\" \/><p id=\"caption-attachment-1321\" class=\"wp-caption-text\">Stage Taekwondo &#8211; Juilly &#8211; Octobre 2015<\/p><\/div>\n<p>&nbsp;<\/p>\n<div id=\"attachment_1423\" style=\"width: 610px\" class=\"wp-caption aligncenter\"><a href=\"http:\/\/www.gojuryu93.com\/2015\/06\/18\/stage-zenei-oshiro-2015\/\"><img data-recalc-dims=\"1\" loading=\"lazy\" decoding=\"async\" aria-describedby=\"caption-attachment-1423\" data-attachment-id=\"1423\" data-permalink=\"https:\/\/www.gojuryu93.com\/?attachment_id=1423\" data-orig-file=\"https:\/\/i0.wp.com\/www.gojuryu93.com\/wp-content\/uploads\/2015\/11\/Stage-Federal-Zenei-OSHIRO_21-03-2015__2491-680x330.jpg?fit=680%2C330&amp;ssl=1\" data-orig-size=\"680,330\" data-comments-opened=\"0\" data-image-meta=\"{&quot;aperture&quot;:&quot;0&quot;,&quot;credit&quot;:&quot;&quot;,&quot;camera&quot;:&quot;&quot;,&quot;caption&quot;:&quot;&quot;,&quot;created_timestamp&quot;:&quot;0&quot;,&quot;copyright&quot;:&quot;&quot;,&quot;focal_length&quot;:&quot;0&quot;,&quot;iso&quot;:&quot;0&quot;,&quot;shutter_speed&quot;:&quot;0&quot;,&quot;title&quot;:&quot;&quot;,&quot;orientation&quot;:&quot;0&quot;}\" data-image-title=\"Stage-Federal-Zenei-OSHIRO_21-03-2015__2491-680&amp;#215;330\" data-image-description=\"\" data-image-caption=\"\" data-large-file=\"https:\/\/i0.wp.com\/www.gojuryu93.com\/wp-content\/uploads\/2015\/11\/Stage-Federal-Zenei-OSHIRO_21-03-2015__2491-680x330.jpg?fit=610%2C296&amp;ssl=1\" class=\"wp-image-1423\" src=\"https:\/\/i0.wp.com\/www.gojuryu93.com\/wp-content\/uploads\/2015\/11\/Stage-Federal-Zenei-OSHIRO_21-03-2015__2491-680x330.jpg?resize=600%2C291\" alt=\"Stage-Federal-Zenei-OSHIRO_21-03-2015__2491-680x330\" width=\"600\" height=\"291\" srcset=\"https:\/\/i0.wp.com\/www.gojuryu93.com\/wp-content\/uploads\/2015\/11\/Stage-Federal-Zenei-OSHIRO_21-03-2015__2491-680x330.jpg?resize=300%2C146&amp;ssl=1 300w, https:\/\/i0.wp.com\/www.gojuryu93.com\/wp-content\/uploads\/2015\/11\/Stage-Federal-Zenei-OSHIRO_21-03-2015__2491-680x330.jpg?resize=680%2C330&amp;ssl=1 680w\" sizes=\"auto, (max-width: 600px) 100vw, 600px\" \/><\/a><p id=\"caption-attachment-1423\" class=\"wp-caption-text\">\u00a9 2015 &#8211; Ligue 93 KDA &#8211; Stage f\u00e9d\u00e9ral Oshiro organis\u00e9 au Dojo des Cottages<\/p><\/div>\n<p>&nbsp;<\/p>\n<div id=\"attachment_1424\" style=\"width: 610px\" class=\"wp-caption aligncenter\"><img data-recalc-dims=\"1\" loading=\"lazy\" decoding=\"async\" aria-describedby=\"caption-attachment-1424\" data-attachment-id=\"1424\" data-permalink=\"https:\/\/www.gojuryu93.com\/?attachment_id=1424\" data-orig-file=\"https:\/\/i0.wp.com\/www.gojuryu93.com\/wp-content\/uploads\/2015\/11\/Stage-Apkido.jpg?fit=2028%2C749&amp;ssl=1\" data-orig-size=\"2028,749\" data-comments-opened=\"0\" data-image-meta=\"{&quot;aperture&quot;:&quot;2.8&quot;,&quot;credit&quot;:&quot;&quot;,&quot;camera&quot;:&quot;Konica Digital Camera KD-510Z&quot;,&quot;caption&quot;:&quot;&quot;,&quot;created_timestamp&quot;:&quot;1047569246&quot;,&quot;copyright&quot;:&quot;&quot;,&quot;focal_length&quot;:&quot;8&quot;,&quot;iso&quot;:&quot;100&quot;,&quot;shutter_speed&quot;:&quot;0.016666666666667&quot;,&quot;title&quot;:&quot;&quot;,&quot;orientation&quot;:&quot;1&quot;}\" data-image-title=\"Stage Apkido\" data-image-description=\"\" data-image-caption=\"\" data-large-file=\"https:\/\/i0.wp.com\/www.gojuryu93.com\/wp-content\/uploads\/2015\/11\/Stage-Apkido.jpg?fit=610%2C225&amp;ssl=1\" class=\"wp-image-1424\" src=\"https:\/\/i0.wp.com\/www.gojuryu93.com\/wp-content\/uploads\/2015\/11\/Stage-Apkido.jpg?resize=600%2C222\" alt=\"Stage Apkido\" width=\"600\" height=\"222\" srcset=\"https:\/\/i0.wp.com\/www.gojuryu93.com\/wp-content\/uploads\/2015\/11\/Stage-Apkido.jpg?resize=300%2C111&amp;ssl=1 300w, https:\/\/i0.wp.com\/www.gojuryu93.com\/wp-content\/uploads\/2015\/11\/Stage-Apkido.jpg?resize=1024%2C378&amp;ssl=1 1024w, https:\/\/i0.wp.com\/www.gojuryu93.com\/wp-content\/uploads\/2015\/11\/Stage-Apkido.jpg?w=2028&amp;ssl=1 2028w, https:\/\/i0.wp.com\/www.gojuryu93.com\/wp-content\/uploads\/2015\/11\/Stage-Apkido.jpg?w=1220 1220w, https:\/\/i0.wp.com\/www.gojuryu93.com\/wp-content\/uploads\/2015\/11\/Stage-Apkido.jpg?w=1830 1830w\" sizes=\"auto, (max-width: 600px) 100vw, 600px\" \/><p id=\"caption-attachment-1424\" class=\"wp-caption-text\">Stage Apkido &#8211; 2010<\/p><\/div>\n","protected":false},"excerpt":{"rendered":"<p>&nbsp; &nbsp; Le Karat\u00e9 Club de Tremblay-en-France organise ou participe \u00e0 de nombreux stages au fils des saisons afin d\u2019\u00e9largir les comp\u00e9tences ou de faire d\u00e9couvrir de nouvelles facettes des arts martiaux \u00e0 ses adh\u00e9rents. Nous organisons \u00e9galement sous la direction de la Ligue 93 de Karat\u00e9 des stages r\u00e9f\u00e9rents dirig\u00e9s par de grands experts [&hellip;]<\/p>\n","protected":false},"author":1,"featured_media":0,"parent":0,"menu_order":0,"comment_status":"closed","ping_status":"closed","template":"","meta":{"_exactmetrics_skip_tracking":false,"_exactmetrics_sitenote_active":false,"_exactmetrics_sitenote_note":"","_exactmetrics_sitenote_category":0,"ngg_post_thumbnail":0,"footnotes":""},"class_list":["post-1304","page","type-page","status-publish","hentry"],"jetpack_shortlink":"https:\/\/wp.me\/P6TujZ-l2","jetpack-related-posts":[{"id":699,"url":"https:\/\/www.gojuryu93.com\/?page_id=699","url_meta":{"origin":1304,"position":0},"title":"Les cours","author":"Team-Goju","date":"10 juin 2015","format":false,"excerpt":"\u00a0 Pour tous renseignements contacter : M. BIANCARDINI Henri au 06 15 99 57 32 \u00a0 Les cours : KARAT\u00c9 ENFANTS (\u00e0 partir de 6-7 ans) D\u00e9butants et Confirm\u00e9s Jeudi\u00a0 de 18h \u00e0 19h15 Dojo des Cottages Dimanche\u00a0 de 10h30 \u00e0 11h45 Dojo Thierry Ngninteng KOBUDO ENFANTS (\u00e0 partir de\u2026","rel":"","context":"Article similaire","block_context":{"text":"Article similaire","link":""},"img":{"alt_text":"","src":"https:\/\/i0.wp.com\/www.gojuryu93.com\/wp-content\/uploads\/2015\/06\/Flyer-Gogu-2016-217x300.png?resize=350%2C200","width":350,"height":200},"classes":[]},{"id":740,"url":"https:\/\/www.gojuryu93.com\/?page_id=740","url_meta":{"origin":1304,"position":1},"title":"Contact et Localisation","author":"Team-Goju","date":"12 juin 2015","format":false,"excerpt":"Nous contacter : Pr\u00e9sident 06 15 99 57 32 \u00a0 karateclub.tremblayenfrance@gmail.com \u00a0 Dojo des Cottages : Angle 33\/35 rue Hector Berlioz - 93 290 Tremblay-en-France LUNDI Kobudo enfants - 18 h 15 \u00e0 19 h 30 Karat\u00e9 adultes - 19 h 30 \u00e0 21 h 30 JEUDI Karat\u00e9 enfants -\u2026","rel":"","context":"Article similaire","block_context":{"text":"Article similaire","link":""},"img":{"alt_text":"","src":"","width":0,"height":0},"classes":[]},{"id":1656,"url":"https:\/\/www.gojuryu93.com\/?page_id=1656","url_meta":{"origin":1304,"position":2},"title":"Revue de presses","author":"Team-Goju","date":"18 f\u00e9vrier 2016","format":false,"excerpt":"\u00a0 \u00a0 On parle de nous dans la presse locale ou sur le Net. Retrouvez sur cette page divers articles ou sites internet ou nous sommes cit\u00e9s. Il vous suffira de cliquer sur les images pour acc\u00e9der aux publications. \u00a0 \u00a0","rel":"","context":"Article similaire","block_context":{"text":"Article similaire","link":""},"img":{"alt_text":"Revue-de-presse","src":"https:\/\/i0.wp.com\/www.gojuryu93.com\/wp-content\/uploads\/2016\/02\/Revue-de-presse-300x200.png?resize=350%2C200","width":350,"height":200},"classes":[]},{"id":1339,"url":"https:\/\/www.gojuryu93.com\/?page_id=1339","url_meta":{"origin":1304,"position":3},"title":"Historique du club","author":"Team-Goju","date":"6 d\u00e9cembre 2015","format":false,"excerpt":"Le Karat\u00e9 Club de Tremblay-en-France est en perp\u00e9tuelle croissance et accentue son action vers la promotion du karat\u00e9 Goju-Ryu, dont il est le seul repr\u00e9sentant dans le d\u00e9partement de la Seine-Saint-Denis et aussi du Kobudo dans la pure tradition d\u2019Okinawa. Notre club fut fond\u00e9 en 1967, par Daniel DJADEL. A\u2026","rel":"","context":"Article similaire","block_context":{"text":"Article similaire","link":""},"img":{"alt_text":"Toguchi_karatemag_1969","src":"https:\/\/i0.wp.com\/www.gojuryu93.com\/wp-content\/uploads\/2015\/12\/Toguchi_karatemag_1969.png?resize=350%2C200","width":350,"height":200},"classes":[]},{"id":716,"url":"https:\/\/www.gojuryu93.com\/?page_id=716","url_meta":{"origin":1304,"position":4},"title":"Le Kobudo","author":"Team-Goju","date":"11 juin 2015","format":false,"excerpt":"\u00a0 Kobudo signifie litt\u00e9ralement \u00ab Art martial ancien \u00bb mais \u00e9galement \u00ab Art d'un comportement spirituel vis-\u00e0-vis du combat \u00bb. Le Kobudod'Okinawa a connu une \u00e9volution parall\u00e8le au Karat\u00e9. \u00a0 Ces techniques sont arriv\u00e9es jusqu'\u00e0 nous gr\u00e2ce \u00e0 Ma\u00eetre Shinko MATAYOSHI et son fils Shinpo. N\u00e9 en 1888 dans la\u2026","rel":"","context":"Article similaire","block_context":{"text":"Article similaire","link":""},"img":{"alt_text":"Kobudo_W01","src":"https:\/\/i0.wp.com\/www.gojuryu93.com\/wp-content\/uploads\/2015\/06\/Kobudo_W01-246x300.jpg?resize=350%2C200","width":350,"height":200},"classes":[]},{"id":1031,"url":"https:\/\/www.gojuryu93.com\/?page_id=1031","url_meta":{"origin":1304,"position":5},"title":"Comment s&#8217;inscrire ?","author":"Team-Goju","date":"2 novembre 2015","format":false,"excerpt":"Vous pouvez vous inscrire directement \u00e0 notre Dojo des Cottages\u00a0 ou sur nos autres lieux de cours aupr\u00e8s de nos responsables club en vous\u00a0 munissant de votre passeport sportif si vous en poss\u00e9dez un,\u00a0 de quelques enveloppes timbr\u00e9es libell\u00e9es \u00e0 vos nom et adresse, un ch\u00e9quier pour votre r\u00e8glement de\u2026","rel":"","context":"Article similaire","block_context":{"text":"Article similaire","link":""},"img":{"alt_text":"T\u00e9l\u00e9charger Acrobat Reader DC","src":"https:\/\/i0.wp.com\/www.gojuryu93.com\/wp-content\/uploads\/2015\/11\/get-adobe-reader-300x113.jpg?resize=350%2C200","width":350,"height":200},"classes":[]}],"jetpack_sharing_enabled":true,"_links":{"self":[{"href":"https:\/\/www.gojuryu93.com\/index.php?rest_route=\/wp\/v2\/pages\/1304","targetHints":{"allow":["GET"]}}],"collection":[{"href":"https:\/\/www.gojuryu93.com\/index.php?rest_route=\/wp\/v2\/pages"}],"about":[{"href":"https:\/\/www.gojuryu93.com\/index.php?rest_route=\/wp\/v2\/types\/page"}],"author":[{"embeddable":true,"href":"https:\/\/www.gojuryu93.com\/index.php?rest_route=\/wp\/v2\/users\/1"}],"replies":[{"embeddable":true,"href":"https:\/\/www.gojuryu93.com\/index.php?rest_route=%2Fwp%2Fv2%2Fcomments&post=1304"}],"version-history":[{"count":0,"href":"https:\/\/www.gojuryu93.com\/index.php?rest_route=\/wp\/v2\/pages\/1304\/revisions"}],"wp:attachment":[{"href":"https:\/\/www.gojuryu93.com\/index.php?rest_route=%2Fwp%2Fv2%2Fmedia&parent=1304"}],"curies":[{"name":"wp","href":"https:\/\/api.w.org\/{rel}","templated":true}]}}